{"id":23,"date":"2015-07-14T11:38:04","date_gmt":"2015-07-14T11:38:04","guid":{"rendered":"http:\/\/www.ibardin.net\/?page_id=23"},"modified":"2015-08-19T09:00:47","modified_gmt":"2015-08-19T09:00:47","slug":"lago-de-ibardin","status":"publish","type":"page","link":"https:\/\/www.ibardin.net\/es\/paseos\/lago-de-ibardin\/","title":{"rendered":"Lago de Ibardin"},"content":{"rendered":"<div class=\"eight columns\"><span class=\"image-container alignright size-full wp-image-819\"><img data-attachment-id=\"819\" data-permalink=\"https:\/\/www.ibardin.net\/es\/paseos\/lago-de-ibardin\/paseoa\/\" data-orig-file=\"https:\/\/i0.wp.com\/www.ibardin.net\/wp-content\/uploads\/2015\/07\/PaseoA.jpg?fit=526%2C433&amp;ssl=1\" data-orig-size=\"526,433\" data-comments-opened=\"1\" data-image-meta=\"{&quot;aperture&quot;:&quot;0&quot;,&quot;credit&quot;:&quot;&quot;,&quot;camera&quot;:&quot;&quot;,&quot;caption&quot;:&quot;&quot;,&quot;created_timestamp&quot;:&quot;0&quot;,&quot;copyright&quot;:&quot;&quot;,&quot;focal_length&quot;:&quot;0&quot;,&quot;iso&quot;:&quot;0&quot;,&quot;shutter_speed&quot;:&quot;0&quot;,&quot;title&quot;:&quot;&quot;,&quot;orientation&quot;:&quot;0&quot;}\" data-image-title=\"PaseoA\" data-image-description=\"\" data-image-caption=\"\" data-medium-file=\"https:\/\/i0.wp.com\/www.ibardin.net\/wp-content\/uploads\/2015\/07\/PaseoA.jpg?fit=300%2C247&amp;ssl=1\" data-large-file=\"https:\/\/i0.wp.com\/www.ibardin.net\/wp-content\/uploads\/2015\/07\/PaseoA.jpg?fit=526%2C433&amp;ssl=1\" decoding=\"async\" loading=\"lazy\" src=\"https:\/\/i0.wp.com\/www.ibardin.net\/wp-content\/uploads\/2015\/07\/PaseoA.jpg?resize=526%2C433\" alt=\"PaseoA\" width=\"526\" height=\"433\" class=\"alignright size-full wp-image-819\" srcset=\"https:\/\/i0.wp.com\/www.ibardin.net\/wp-content\/uploads\/2015\/07\/PaseoA.jpg?w=526&amp;ssl=1 526w, https:\/\/i0.wp.com\/www.ibardin.net\/wp-content\/uploads\/2015\/07\/PaseoA.jpg?resize=300%2C247&amp;ssl=1 300w\" sizes=\"(max-width: 526px) 100vw, 526px\" data-recalc-dims=\"1\" \/><\/span><\/div>\n<div class=\"one columns\"><\/div>\n<div class=\"seven columns\">\n<strong>El paseo:<\/strong><br \/>\nEl comienzo del paseo se encuentra al pie del puesto de informaci\u00f3n, muy cerca del parking principal. Es un recorrido muy accesible y c\u00f3modo que nos llevar\u00e1 hasta el peque\u00f1o lago de Ibardin, un paseo donde disfrutar de un bonito sendero rodeado de naturaleza y aire puro.<\/p>\n<p><strong>Distancia:<\/strong><br \/>\n5.900 m.<\/p>\n<p><strong>Tiempo:<\/strong><br \/>\n1h 45\u00b4<\/p>\n<p><strong>Puntos de inter\u00e9s:<\/strong><br \/>\n\u2022 Lago de Ibardin.\n<\/div>","protected":false},"excerpt":{"rendered":"<p>El paseo: El comienzo del paseo se encuentra al pie del puesto de informaci\u00f3n, muy cerca del parking principal. Es un recorrido muy accesible y c\u00f3modo que nos llevar\u00e1 hasta el peque\u00f1o lago de Ibardin, un paseo donde disfrutar de un bonito sendero rodeado de naturaleza y aire puro. Distancia: 5.900 m. Tiempo: 1h 45\u00b4 Puntos de inter\u00e9s: \u2022 Lago de Ibardin.<\/p>\n","protected":false},"author":1,"featured_media":0,"parent":20,"menu_order":1,"comment_status":"closed","ping_status":"closed","template":"template-full.php","meta":{"ngg_post_thumbnail":0,"jetpack_post_was_ever_published":false},"aioseo_notices":[],"jetpack_sharing_enabled":true,"jetpack_shortlink":"https:\/\/wp.me\/P6tRZc-n","jetpack-related-posts":[],"_links":{"self":[{"href":"https:\/\/www.ibardin.net\/es\/wp-json\/wp\/v2\/pages\/23"}],"collection":[{"href":"https:\/\/www.ibardin.net\/es\/wp-json\/wp\/v2\/pages"}],"about":[{"href":"https:\/\/www.ibardin.net\/es\/wp-json\/wp\/v2\/types\/page"}],"author":[{"embeddable":true,"href":"https:\/\/www.ibardin.net\/es\/wp-json\/wp\/v2\/users\/1"}],"replies":[{"embeddable":true,"href":"https:\/\/www.ibardin.net\/es\/wp-json\/wp\/v2\/comments?post=23"}],"version-history":[{"count":5,"href":"https:\/\/www.ibardin.net\/es\/wp-json\/wp\/v2\/pages\/23\/revisions"}],"predecessor-version":[{"id":825,"href":"https:\/\/www.ibardin.net\/es\/wp-json\/wp\/v2\/pages\/23\/revisions\/825"}],"up":[{"embeddable":true,"href":"https:\/\/www.ibardin.net\/es\/wp-json\/wp\/v2\/pages\/20"}],"wp:attachment":[{"href":"https:\/\/www.ibardin.net\/es\/wp-json\/wp\/v2\/media?parent=23"}],"curies":[{"name":"wp","href":"https:\/\/api.w.org\/{rel}","templated":true}]}}